{"version":"1.0","provider_name":"Childhood Cancer Fund Rugut\u0117","provider_url":"https:\/\/rugute.lt\/en","author_name":"Labdaros ir paramos fondas \u201eRugut\u0117\u201c","author_url":"https:\/\/rugute.lt\/en\/author\/rugute\/","title":"Kvie\u010diame kurti \u201ePalankaus v\u0117jo mal\u016bn\u0117lius\u201c - Labdaros ir paramos fondas \u201eRugut\u0117\u201c","type":"rich","width":600,"height":338,"html":"<blockquote class=\"wp-embedded-content\" data-secret=\"FOlO32WIEK\"><a href=\"https:\/\/rugute.lt\/en\/kvieciame-kurti-palankaus-vejo-malunelius\/\">Kvie\u010diame kurti \u201ePalankaus v\u0117jo mal\u016bn\u0117lius\u201c<\/a><\/blockquote><iframe sandbox=\"allow-scripts\" security=\"restricted\" src=\"https:\/\/rugute.lt\/en\/kvieciame-kurti-palankaus-vejo-malunelius\/embed\/#?secret=FOlO32WIEK\" width=\"600\" height=\"338\" title=\"&#8220;Kvie\u010diame kurti \u201ePalankaus v\u0117jo mal\u016bn\u0117lius\u201c&#8221; &#8212; Labdaros ir paramos fondas \u201eRugut\u0117\u201c\" data-secret=\"FOlO32WIEK\" frameborder=\"0\" marginwidth=\"0\" marginheight=\"0\" scrolling=\"no\" class=\"wp-embedded-content\"><\/iframe><script>\n\/*! This file is auto-generated *\/\n!function(d,l){\"use strict\";l.querySelector&&d.addEventListener&&\"undefined\"!=typeof URL&&(d.wp=d.wp||{},d.wp.receiveEmbedMessage||(d.wp.receiveEmbedMessage=function(e){var t=e.data;if((t||t.secret||t.message||t.value)&&!\/[^a-zA-Z0-9]\/.test(t.secret)){for(var s,r,n,a=l.querySelectorAll('iframe[data-secret=\"'+t.secret+'\"]'),o=l.querySelectorAll('blockquote[data-secret=\"'+t.secret+'\"]'),c=new RegExp(\"^https?:$\",\"i\"),i=0;i<o.length;i++)o[i].style.display=\"none\";for(i=0;i<a.length;i++)s=a[i],e.source===s.contentWindow&&(s.removeAttribute(\"style\"),\"height\"===t.message?(1e3<(r=parseInt(t.value,10))?r=1e3:~~r<200&&(r=200),s.height=r):\"link\"===t.message&&(r=new URL(s.getAttribute(\"src\")),n=new URL(t.value),c.test(n.protocol))&&n.host===r.host&&l.activeElement===s&&(d.top.location.href=t.value))}},d.addEventListener(\"message\",d.wp.receiveEmbedMessage,!1),l.addEventListener(\"DOMContentLoaded\",function(){for(var e,t,s=l.querySelectorAll(\"iframe.wp-embedded-content\"),r=0;r<s.length;r++)(t=(e=s[r]).getAttribute(\"data-secret\"))||(t=Math.random().toString(36).substring(2,12),e.src+=\"#?secret=\"+t,e.setAttribute(\"data-secret\",t)),e.contentWindow.postMessage({message:\"ready\",secret:t},\"*\")},!1)))}(window,document);\n\/\/# sourceURL=https:\/\/rugute.lt\/wp-includes\/js\/wp-embed.min.js\n<\/script>","thumbnail_url":"https:\/\/rugute.lt\/wp-content\/uploads\/2020\/01\/pvm_dirbtuves.jpg","thumbnail_width":1140,"thumbnail_height":624,"description":"Daug \u017emoni\u0173 lauk\u0117 ir klaus\u0117, kada prasid\u0117s mal\u016bn\u0117li\u0173 dirbtuv\u0117s. Atsakome \u2013 \u0161\u012f \u0161e\u0161tadien\u012f! Ir jos vyks iki pat kovo 1 dienos kiekvien\u0105 \u0161e\u0161tadien\u012f ir sekmadien\u012f \u201eRugut\u0117s namuose\u201c. \u00a0 Kas tai? Palankaus v\u0117jo mal\u016bn\u0117liai \u2013 paramos akcija, kurios metu pagaminami original\u016bs v\u0117jo mal\u016bn\u0117liai. \u0160ie mal\u016bn\u0117liai jau 11 met\u0173 simbolizuoja \u201eRugut\u0117s\u201c fondo tik\u0117jim\u0105, vienyb\u0119 ir param\u0105 vaikams, [&hellip;]"}